{"id":536,"date":"2025-07-15T20:42:46","date_gmt":"2025-07-16T02:42:46","guid":{"rendered":"https:\/\/cartoambientalconverdad.org\/?page_id=536"},"modified":"2026-03-01T11:34:52","modified_gmt":"2026-03-01T17:34:52","slug":"catalogos","status":"publish","type":"page","link":"https:\/\/cartoambientalconverdad.org\/index.php\/catalogos\/","title":{"rendered":"Cat\u00e1logos"},"content":{"rendered":"<p>[et_pb_section fb_built=&#8221;1&#8243; _builder_version=&#8221;4.16&#8243; global_colors_info=&#8221;{}&#8221;][et_pb_row _builder_version=&#8221;4.27.5&#8243; background_color=&#8221;#b9f7f7&#8243; background_size=&#8221;initial&#8221; background_position=&#8221;top_left&#8221; background_repeat=&#8221;repeat&#8221; custom_margin=&#8221;2px|2px|2px|2px|false|false&#8221; custom_padding=&#8221;8px|4px|8px|15px|false|false&#8221; animation_style=&#8221;flip&#8221; animation_duration=&#8221;1450ms&#8221; animation_delay=&#8221;300ms&#8221; animation_starting_opacity=&#8221;15%&#8221; border_radii=&#8221;off|4px|4px|4px|4px&#8221; border_width_all=&#8221;1px&#8221; border_style_all=&#8221;groove&#8221; global_colors_info=&#8221;{}&#8221;][et_pb_column type=&#8221;4_4&#8243; _builder_version=&#8221;4.16&#8243; custom_padding=&#8221;|||&#8221; global_colors_info=&#8221;{}&#8221; custom_padding__hover=&#8221;|||&#8221;][et_pb_text _builder_version=&#8221;4.27.5&#8243; text_font_size=&#8221;20px&#8221; text_line_height=&#8221;2em&#8221; background_size=&#8221;initial&#8221; background_position=&#8221;top_left&#8221; background_repeat=&#8221;repeat&#8221; hover_enabled=&#8221;0&#8243; global_colors_info=&#8221;{}&#8221; sticky_enabled=&#8221;0&#8243;]<\/p>\n<h2 style=\"text-align: center;\">Cursos &#8211; Talleres<\/h2>\n<ul>\n<li><span style=\"color: #000000;\">Fundamentos para la evaluaci\u00f3n de impacto ambiental<\/span><\/li>\n<li><span style=\"color: #000000;\">T\u00e9cnicas de mitigaci\u00f3n de erosi\u00f3n y recuperaci\u00f3n de suelos<\/span><\/li>\n<li><span style=\"color: #000000;\">Principios para una agricultura ecol\u00f3gica<\/span><\/li>\n<li><span style=\"color: #000000;\">Biodiversidad para el control natural de plagas agr\u00edcolas<\/span><\/li>\n<li><span style=\"color: #3366ff;\"><a href=\"https:\/\/cursos-agua.cartoambientalconverdad.org\/cursos\/\" title=\"Los Saberes del Agua\" style=\"color: #3366ff;\">Riego tecnificado por aspersi\u00f3n y goteo<\/a><\/span><\/li>\n<li><span style=\"color: #000000;\"><a href=\"https:\/\/cursos-agua.cartoambientalconverdad.org\/cursos\/\" title=\"Los Saberes del Agua\" style=\"color: #000000;\"><span style=\"color: #3366ff;\">Dise\u00f1o de redes hidr\u00e1ulicas de distribuci\u00f3n y suministro<\/span><\/a><\/span><\/li>\n<li><span style=\"color: #000000;\">Talleres de energ\u00edas verdes para el \u00e1mbito rural<\/span><\/li>\n<\/ul>\n<h2 style=\"text-align: center;\">Proyectos<\/h2>\n<ul>\n<li><span style=\"color: #000000;\">Inventario georeferenciado del equipamiento h\u00eddrico urbano-rural<\/span><\/li>\n<li><span style=\"color: #000000;\">Padr\u00f3n georeferenciado de usuarios activos, necesidades\u00a0 y prospectiva<\/span><\/li>\n<li><span style=\"color: #000000;\">Dise\u00f1o GeoTerritorial de redes de suminstro y mitigaci\u00f3n ambiental<\/span><\/li>\n<li><span style=\"color: #000000;\">Sistema geogr\u00e1fico de consulta y administraci\u00f3n inteligente-interactiva hidro-ambiental<\/span><\/li>\n<li><span style=\"color: #000000;\">Energ\u00edas AgroVerdes<\/span><\/li>\n<li><span style=\"color: #000000;\">Energ\u00eda y Saneamiento &#8220;Beyond&#8221;<\/span><\/li>\n<li><span style=\"color: #000000;\">Tecnolog\u00edas de riego por Drones,\u00a0 modalidades<\/span><\/li>\n<\/ul>\n<p>&nbsp;<\/p>\n<h2 style=\"text-align: center;\">Iniciativas Comunitarias<\/h2>\n<ul>\n<li><span style=\"color: #000000;\">Programas de reforestaci\u00f3n y restauraci\u00f3n<\/span><\/li>\n<li><span style=\"color: #000000;\">Charlas sobre sostenibilidad y cuidado del medio ambiente<\/span><\/li>\n<li><span style=\"color: #000000;\"><a href=\"https:\/\/cursos-agua.cartoambientalconverdad.org\/cursos\/\" title=\"Los Saberes del Agua\" style=\"color: #000000;\"><span style=\"color: #3366ff;\">Charlas sobre alcances del marco legal de las Aguas Nacionales<\/span><\/a><\/span><\/li>\n<\/ul>\n<h2 style=\"text-align: center;\">Colaboraciones<\/h2>\n<ol>\n<li><span style=\"color: #000000;\">Alianzas con organizaciones locales, nacionales e internacionales para promover la educaci\u00f3n ambiental<\/span><\/li>\n<li><span style=\"color: #000000;\">Proyectos conjuntos con universidades para la investigaci\u00f3n, formaci\u00f3n y divulgaci\u00f3n en sostenibilidad y medio ambiente<\/span><\/li>\n<\/ol>\n<p>[\/et_pb_text][\/et_pb_column][\/et_pb_row][\/et_pb_section]<\/p>\n","protected":false},"excerpt":{"rendered":"<p>Cursos &#8211; Talleres&#8230;<\/p>\n","protected":false},"author":1,"featured_media":0,"parent":0,"menu_order":0,"comment_status":"closed","ping_status":"closed","template":"","meta":{"give_campaign_id":0,"_et_pb_use_builder":"on","_et_pb_old_content":"<!-- wp:heading -->\n<h2 class=\"wp-block-heading\">Cursos - Talleres<\/h2>\n<!-- \/wp:heading -->\n\n<!-- wp:list {\"style\":{\"color\":{\"background\":\"#def1ee\"},\"elements\":{\"link\":{\"color\":{\"text\":\"var:preset|color|headings\"}}}},\"textColor\":\"headings\"} -->\n<ul style=\"background-color:#def1ee\" class=\"wp-block-list has-headings-color has-text-color has-background has-link-color\"><!-- wp:list-item {\"style\":{\"elements\":{\"link\":{\"color\":{\"text\":\"var:preset|color|headings\"}}}},\"textColor\":\"headings\"} -->\n<li class=\"has-headings-color has-text-color has-link-color\">Fundamentos para la evaluaci\u00f3n de impacto ambiental<\/li>\n<!-- \/wp:list-item -->\n\n<!-- wp:list-item {\"style\":{\"elements\":{\"link\":{\"color\":{\"text\":\"var:preset|color|headings\"}}}},\"textColor\":\"headings\"} -->\n<li class=\"has-headings-color has-text-color has-link-color\">Evaluaci\u00f3n de da\u00f1os de suelos, erosi\u00f3n y t\u00e9cnicas de mitigaci\u00f3n y recuperaci\u00f3n<\/li>\n<!-- \/wp:list-item -->\n\n<!-- wp:list-item {\"style\":{\"elements\":{\"link\":{\"color\":{\"text\":\"var:preset|color|headings\"}}}},\"textColor\":\"headings\"} -->\n<li class=\"has-headings-color has-text-color has-link-color\">Principios para la agricultura ecol\u00f3gica<\/li>\n<!-- \/wp:list-item -->\n\n<!-- wp:list-item {\"style\":{\"elements\":{\"link\":{\"color\":{\"text\":\"var:preset|color|headings\"}}}},\"textColor\":\"headings\"} -->\n<li class=\"has-headings-color has-text-color has-link-color\">T\u00e9cnicas hidr\u00e1ulicas para la siembra, conservaci\u00f3n, tratamiento, suministro y saneamiento en medios rurales<\/li>\n<!-- \/wp:list-item --><\/ul>\n<!-- \/wp:list -->\n\n<!-- wp:list {\"style\":{\"color\":{\"background\":\"#def1ee\"},\"elements\":{\"link\":{\"color\":{\"text\":\"var:preset|color|headings\"}}}},\"textColor\":\"headings\"} -->\n<ul style=\"background-color:#def1ee\" class=\"wp-block-list has-headings-color has-text-color has-background has-link-color\"><!-- wp:list-item -->\n<li><\/li>\n<!-- \/wp:list-item --><\/ul>\n<!-- \/wp:list -->\n\n<!-- wp:heading -->\n<h2 class=\"wp-block-heading\">Proyectos<\/h2>\n<!-- \/wp:heading -->\n\n<!-- wp:list {\"style\":{\"color\":{\"background\":\"#def1ee\"}}} -->\n<ul style=\"background-color:#def1ee\" class=\"wp-block-list has-background\"><!-- wp:list-item {\"style\":{\"elements\":{\"link\":{\"color\":{\"text\":\"var:preset|color|headings\"}}}},\"textColor\":\"headings\"} -->\n<li class=\"has-headings-color has-text-color has-link-color\">Actualizaci\u00f3n georeferenciada del equipamiento h\u00eddrico-ambiental y usuarios de servicio<\/li>\n<!-- \/wp:list-item -->\n\n<!-- wp:list-item {\"style\":{\"elements\":{\"link\":{\"color\":{\"text\":\"var:preset|color|headings\"}}}},\"textColor\":\"headings\"} -->\n<li class=\"has-headings-color has-text-color has-link-color\">Dise\u00f1o GeoTerritorial de redes de mitigaci\u00f3n ambiental y de suministro<\/li>\n<!-- \/wp:list-item --><\/ul>\n<!-- \/wp:list -->","_et_gb_content_width":"","_themeisle_gutenberg_block_has_review":false,"footnotes":""},"class_list":["post-536","page","type-page","status-publish","hentry"],"aioseo_notices":[],"campaignId":"","_links":{"self":[{"href":"https:\/\/cartoambientalconverdad.org\/index.php\/wp-json\/wp\/v2\/pages\/536","targetHints":{"allow":["GET"]}}],"collection":[{"href":"https:\/\/cartoambientalconverdad.org\/index.php\/wp-json\/wp\/v2\/pages"}],"about":[{"href":"https:\/\/cartoambientalconverdad.org\/index.php\/wp-json\/wp\/v2\/types\/page"}],"author":[{"embeddable":true,"href":"https:\/\/cartoambientalconverdad.org\/index.php\/wp-json\/wp\/v2\/users\/1"}],"replies":[{"embeddable":true,"href":"https:\/\/cartoambientalconverdad.org\/index.php\/wp-json\/wp\/v2\/comments?post=536"}],"version-history":[{"count":17,"href":"https:\/\/cartoambientalconverdad.org\/index.php\/wp-json\/wp\/v2\/pages\/536\/revisions"}],"predecessor-version":[{"id":1060,"href":"https:\/\/cartoambientalconverdad.org\/index.php\/wp-json\/wp\/v2\/pages\/536\/revisions\/1060"}],"wp:attachment":[{"href":"https:\/\/cartoambientalconverdad.org\/index.php\/wp-json\/wp\/v2\/media?parent=536"}],"curies":[{"name":"wp","href":"https:\/\/api.w.org\/{rel}","templated":true}]}}