{"id":213,"date":"2025-01-11T23:16:39","date_gmt":"2025-01-12T05:16:39","guid":{"rendered":"https:\/\/cartoambientalconverdad.org\/?page_id=213"},"modified":"2025-08-06T16:31:00","modified_gmt":"2025-08-06T22:31:00","slug":"municipio-y-medio-ambiente","status":"publish","type":"page","link":"https:\/\/cartoambientalconverdad.org\/index.php\/municipio-y-medio-ambiente\/","title":{"rendered":"Municipio"},"content":{"rendered":"\n<figure class=\"wp-block-image\"><img decoding=\"async\" src=\"https:\/\/cartoambientalconverdad.org\/wp-content\/uploads\/2025\/01\/woman-sketch-on-piece-of-paper-while-using-laptop-scaled-1.jpg\" alt=\"woman sketch on piece of paper while using laptop\"\/><\/figure>\n\n\n\n<h2 class=\"wp-block-heading\">Introducci\u00f3n<\/h2>\n\n\n\n<p class=\"has-headings-color has-text-color has-background has-link-color wp-elements-aa3214376c68203eb63e95f2846ac27b\" style=\"background-color:#def1ee\">No perdamos de vista que el Municipio, Municipalidad o Departamento, son las unidades pol\u00edtico-administrativas de captaci\u00f3n primaria a la poblaci\u00f3n y su fortalecimiento es un tema central para el desarrollo regional. Una atenci\u00f3n integral medioambiental que lleva impl\u00edcito dotaci\u00f3n de salud, agua, empleo, etc.. sin duda, conduce a mejorar \u00edndices de bienestar y a la vez de la recuperaci\u00f3n del medio ambiente.<\/p>\n\n\n\n<h2 class=\"wp-block-heading\">Capacitaci\u00f3n Continua del Personal<\/h2>\n\n\n\n<p class=\"has-headings-color has-text-color has-background has-link-color wp-elements-6c63db5e8d45f60b70a908fd6e090e56\" style=\"background-color:#def1ee\">Toda estrategia para el fortalecimiento eficaz inicia con capacitacion constante de los servidores p\u00fablicos. A trav\u00e9s de programas de formaci\u00f3n se pueden impartir conocimientos sobre administraci\u00f3n p\u00fablica, gesti\u00f3n de recursos y atenci\u00f3n al ciudadano en un marco inclusivo para la toma de desiciones. Las funciones que requieren alto perfil t\u00e9cnico habr\u00e1n de incorporar esquemas de blindaje para evitar la rotaci\u00f3n del personal en lo posible. De igual manera, la implementaci\u00f3n de indicadores de evaluaci\u00f3n del servidor p\u00fablico construyen un modelo administrativo que fomenta la confianza y participaci\u00f3n ciudadana.<\/p>\n\n\n\n<h2 class=\"wp-block-heading\">Transparencia y Rendici\u00f3n de Cuentas<\/h2>\n\n\n\n<p class=\"has-headings-color has-text-color has-background has-link-color wp-elements-8d851bd526c61fbdca2d6936d99864c2\" style=\"background-color:#def1ee\">Otro elemento fundamental es la implementaci\u00f3n de buenas pr\u00e1cticas de transparencia y rendici\u00f3n de cuentas. Las administraciones municipales deben establecer mecanismos claros que permitan a los ciudadanos supervisar el uso de recursos y decisiones que les afectan directamente. Para ello, la administraci\u00f3n se habr\u00e1 de allegar de diversas herramientas de cercan\u00eda y transparencia.<\/p>\n\n\n\n<h2 class=\"wp-block-heading\">Fomento de la Participaci\u00f3n Ciudadana<\/h2>\n\n\n\n<p class=\"has-headings-color has-text-color has-background has-link-color wp-elements-21a161ddc2ec8062d0c04edf977fde3f\" style=\"background-color:#def1ee\">La participaci\u00f3n ciudadana es crucial para el fortalecimiento de las administraciones y\/o funci\u00f3n p\u00fablica. Los gobiernos locales deben crear espacios donde los ciudadanos puedan expresar sus opiniones, sugerencias y contribuir palpablemente en la toma de decisiones. El acceso a la Consulta Ciudadana debe ser presente en toda administraci\u00f3n p\u00fablica<\/p>\n\n\n\n<h2 class=\"wp-block-heading\">Conclusi\u00f3n<\/h2>\n\n\n\n<p class=\"has-headings-color has-text-color has-background has-link-color wp-elements-8ea3692da0d609189866113990a25209\" style=\"background-color:#def1ee\">En resumen, los elementos para el fortalecimiento de las administraciones municipales deben enfocarse en la capacitaci\u00f3n del personal, la transparencia, y el fomento de la participaci\u00f3n ciudadana. Captar las necesidades sentidas de la poblaci\u00f3n y establecer modelos de soluci\u00f3n integral en armon\u00eda con el medio ambiente, con prospectivas de largo alcance. Solo as\u00ed se lograr\u00e1 un mejor servicio y un desarrollo humano equilibrado en las comunidades locales.<\/p>\n","protected":false},"excerpt":{"rendered":"<p>Introducci\u00f3n No perdamos de vista que el Municipio, Municipalidad o Departamento, son las unidades pol\u00edtico-administrativas de captaci\u00f3n primaria a la poblaci\u00f3n y su fortalecimiento es &hellip;<\/p>\n","protected":false},"author":1,"featured_media":0,"parent":0,"menu_order":0,"comment_status":"closed","ping_status":"closed","template":"","meta":{"give_campaign_id":0,"_et_pb_use_builder":"","_et_pb_old_content":"","_et_gb_content_width":"","_themeisle_gutenberg_block_has_review":false,"footnotes":""},"class_list":["post-213","page","type-page","status-publish","hentry"],"aioseo_notices":[],"campaignId":"","_links":{"self":[{"href":"https:\/\/cartoambientalconverdad.org\/index.php\/wp-json\/wp\/v2\/pages\/213","targetHints":{"allow":["GET"]}}],"collection":[{"href":"https:\/\/cartoambientalconverdad.org\/index.php\/wp-json\/wp\/v2\/pages"}],"about":[{"href":"https:\/\/cartoambientalconverdad.org\/index.php\/wp-json\/wp\/v2\/types\/page"}],"author":[{"embeddable":true,"href":"https:\/\/cartoambientalconverdad.org\/index.php\/wp-json\/wp\/v2\/users\/1"}],"replies":[{"embeddable":true,"href":"https:\/\/cartoambientalconverdad.org\/index.php\/wp-json\/wp\/v2\/comments?post=213"}],"version-history":[{"count":11,"href":"https:\/\/cartoambientalconverdad.org\/index.php\/wp-json\/wp\/v2\/pages\/213\/revisions"}],"predecessor-version":[{"id":579,"href":"https:\/\/cartoambientalconverdad.org\/index.php\/wp-json\/wp\/v2\/pages\/213\/revisions\/579"}],"wp:attachment":[{"href":"https:\/\/cartoambientalconverdad.org\/index.php\/wp-json\/wp\/v2\/media?parent=213"}],"curies":[{"name":"wp","href":"https:\/\/api.w.org\/{rel}","templated":true}]}}