{"id":21,"date":"2023-08-14T21:37:27","date_gmt":"2023-08-14T21:37:27","guid":{"rendered":"https:\/\/cartoambientalconverdad.org\/?page_id=21"},"modified":"2026-04-24T22:13:17","modified_gmt":"2026-04-25T04:13:17","slug":"quienes-somos","status":"publish","type":"page","link":"https:\/\/cartoambientalconverdad.org\/index.php\/quienes-somos\/","title":{"rendered":"Qui\u00e9nes somos"},"content":{"rendered":"\n<h2 class=\"wp-block-heading has-text-align-center\">Quienes somos?<\/h2>\n\n\n\n<div class=\"wp-block-media-text alignwide has-media-on-the-right is-stacked-on-mobile is-vertically-aligned-top\" style=\"grid-template-columns:auto 15%\"><div class=\"wp-block-media-text__content\">\n<p class=\"has-headings-color has-text-color has-background has-link-color wp-elements-0e5c078aaaa41ba7627546d61c7616d1\" style=\"background-color:#def1ee\">Un equipo multidisciplinario altamente calificado y con amplia experiencia en las Ciencias de la Tierra, Tecnolog\u00edas GIS, Medio Ambiente y Ordenamiento Socioh\u00eddrico, cuyo prop\u00f3sito es la recuperaci\u00f3n y conservaci\u00f3n del equilibrio de la naturaleza, aplicando t\u00e9cnicas modernas, modelos participativos y proyectos verdes. Dimensionar y mostrar con objetividad los impactos sanitarios y a la naturaleza causados por la emisi\u00f3n indiscriminada de agentes t\u00f3xicos. Nuestro actuar infiere y propone una nueva cultura que prioriza los derechos de la naturaleza sobre los modelos de gesti\u00f3n de beneficios del pasado. Nos situamos en M\u00e9xico y la Recuperaci\u00f3n EcoSocial es nuestro himno a la Tierra.<\/p>\n<\/div><figure class=\"wp-block-media-text__media\"><img loading=\"lazy\" decoding=\"async\" width=\"155\" height=\"155\" src=\"https:\/\/cartoambientalconverdad.org\/wp-content\/uploads\/2025\/07\/qr-code-cartoambientalconverdad.org_.png\" alt=\"\" class=\"wp-image-529 size-full\" srcset=\"https:\/\/cartoambientalconverdad.org\/wp-content\/uploads\/2025\/07\/qr-code-cartoambientalconverdad.org_.png 155w, https:\/\/cartoambientalconverdad.org\/wp-content\/uploads\/2025\/07\/qr-code-cartoambientalconverdad.org_-150x150.png 150w, https:\/\/cartoambientalconverdad.org\/wp-content\/uploads\/2025\/07\/qr-code-cartoambientalconverdad.org_-100x100.png 100w\" sizes=\"(max-width: 155px) 100vw, 155px\" \/><\/figure><\/div>\n\n\n\n<h2 class=\"wp-block-heading has-text-align-center\">Misi\u00f3n<\/h2>\n\n\n\n<p class=\"has-headings-color has-text-color has-background has-link-color wp-elements-3fb6691a2d10811e9cb26b8e436a97f5\" style=\"background-color:#def1ee\">Contribuir a mejorar los niveles de vida y salud de las comunidades y naturaleza, implementando campa\u00f1as, cursos y talleres participativos,  instalaci\u00f3n-acompa\u00f1amiento en proyectos ecoverdes y procesos ambientales, propuestas de \u00e1reas protegidas, dise\u00f1o de sistemas de suministro h\u00eddricos sustentables e inteligentes, sistemas de energ\u00eda y saneamiento formato &#8220;beyond&#8221;, reforestacion participativa y en general, motivar la resilencia medioambiental.<\/p>\n\n\n\n<h2 class=\"wp-block-heading has-text-align-center\">Visi\u00f3n<\/h2>\n\n\n\n<p class=\"has-headings-color has-text-color has-background has-link-color wp-elements-ca70161e83a5015d6924bed445cbfceb\" style=\"background-color:#def1ee\">El modelo que nos rige aborda dos de los cuatro pilares b\u00e1sicos del procuramiento del Medio Ambiente. <strong>Social<\/strong> y <strong>Medio Ambiente-Ecolog\u00eda<\/strong>:<\/p>\n\n\n\n<ul style=\"background-color:#def1ee\" class=\"wp-block-list has-headings-color has-text-color has-background has-link-color wp-elements-929f0c540d0d9519534495c12dd599ce\">\n<li class=\"has-headings-color has-text-color has-link-color wp-elements-5acc2a3e1f6be180e8a71d5fddb47bec\"><mark style=\"background-color:rgba(0, 0, 0, 0)\" class=\"has-inline-color has-headings-color\">Mec\u00e1nicas de provisi\u00f3n de agua limpia<\/mark><\/li>\n\n\n\n<li class=\"has-headings-color has-text-color has-link-color wp-elements-9ac612615ec175caf2b4f562e57d37e7\">P<mark style=\"background-color:rgba(0, 0, 0, 0)\" class=\"has-inline-color has-headings-color\">romoci\u00f3n de soporte a la biodiversidad (h\u00e1bitat para fauna y flora)<\/mark><\/li>\n\n\n\n<li class=\"has-headings-color has-text-color has-link-color wp-elements-9af955e50b9877fc972c08fdd44821ae\"><mark style=\"background-color:rgba(0, 0, 0, 0)\" class=\"has-inline-color has-headings-color\">Fomento de beneficios culturales\/est\u00e9ticos (paisajes, recreaci\u00f3n)<\/mark><\/li>\n\n\n\n<li class=\"has-headings-color has-text-color has-link-color wp-elements-11f604a143c520c42c79600b2265024f\"><mark style=\"background-color:rgba(0, 0, 0, 0)\" class=\"has-inline-color has-headings-color\">Procuraci\u00f3n de la polinizaci\u00f3n<\/mark> y visibilizaci\u00f3n detractora<\/li>\n\n\n\n<li class=\"has-headings-color has-text-color has-link-color wp-elements-810778b6937723d225bb494b108e2ee3\">M<mark style=\"background-color:rgba(0, 0, 0, 0)\" class=\"has-inline-color has-headings-color\">onitoreo y formaci\u00f3n de suelo f\u00e9rtil<\/mark><\/li>\n\n\n\n<li class=\"has-headings-color has-text-color has-link-color wp-elements-dd7ee0eab336bc03af0a4c25f8ac54fe\"><mark style=\"background-color:rgba(0, 0, 0, 0)\" class=\"has-inline-color has-headings-color\">Detecci\u00f3n y se\u00f1alamiento de factores contaminantes t\u00f3xicos<\/mark> (observatorio ambiental)<\/li>\n\n\n\n<li class=\"has-headings-color has-text-color has-link-color wp-elements-ab8544d79e493a084e38a3d4820de625\">Energ\u00eda y saneamiento a zonasvulnerables<\/li>\n\n\n\n<li class=\"has-headings-color has-text-color has-link-color wp-elements-9996e0f191c88844cb352c7b8761b96b\">Dimensionamiento de los impactos y propuestas de soluci\u00f3n<\/li>\n\n\n\n<li class=\"has-headings-color has-text-color has-link-color wp-elements-d79c45fc3ff805a485e9ec93dddf5e9a\">Proyectos AgroVerdes<\/li>\n<\/ul>\n\n\n\n<div style=\"height:100px\" aria-hidden=\"true\" class=\"wp-block-spacer\"><\/div>\n\n\n<div class=\"wp-block-image\">\n<figure class=\"aligncenter size-full\"><img loading=\"lazy\" decoding=\"async\" width=\"397\" height=\"720\" src=\"https:\/\/cartoambientalconverdad.org\/wp-content\/uploads\/2026\/02\/4-P-CuidadoMedioAmbiental-ver3-Cliped.png\" alt=\"\" class=\"wp-image-972\" srcset=\"https:\/\/cartoambientalconverdad.org\/wp-content\/uploads\/2026\/02\/4-P-CuidadoMedioAmbiental-ver3-Cliped.png 397w, https:\/\/cartoambientalconverdad.org\/wp-content\/uploads\/2026\/02\/4-P-CuidadoMedioAmbiental-ver3-Cliped-165x300.png 165w\" sizes=\"(max-width: 397px) 100vw, 397px\" \/><\/figure>\n<\/div>\n\n\n<div style=\"height:100px\" aria-hidden=\"true\" class=\"wp-block-spacer\"><\/div>\n\n\n\n<h2 class=\"wp-block-heading has-text-align-center\">Nuestro Lema<\/h2>\n\n\n\n<div class=\"wp-block-media-text has-media-on-the-right is-stacked-on-mobile\" style=\"grid-template-columns:auto 31%\"><div class=\"wp-block-media-text__content\">\n<p class=\"has-text-color has-background has-link-color wp-elements-d26dd72dc6e80495deaafc2f76dd49c2\" style=\"color:#1c1895;background-color:#def1ee\"><strong>Juntos salvemos la vida y nuestra casa: La Tierra&#8230; <\/strong><\/p>\n\n\n\n<p class=\"has-text-align-center has-text-color has-background has-link-color wp-elements-dce99ba362330ca57242fdebb7439d08\" style=\"color:#1c1895;background-color:#def1ee\"><strong>&lt; <a href=\"https:\/\/cartoambientalconverdad.org\/index.php\/equilibrionat\/\" title=\"\"><mark style=\"background-color:rgba(0, 0, 0, 0);color:#080954\" class=\"has-inline-color\">FuerzAmbiental<\/mark><\/a> &gt;<\/strong><\/p>\n<\/div><figure class=\"wp-block-media-text__media\"><img loading=\"lazy\" decoding=\"async\" width=\"1024\" height=\"1024\" src=\"https:\/\/cartoambientalconverdad.org\/wp-content\/uploads\/2026\/02\/FuerzAmbiental_Axolote-1024x1024.png\" alt=\"\" class=\"wp-image-1053 size-full\" srcset=\"https:\/\/cartoambientalconverdad.org\/wp-content\/uploads\/2026\/02\/FuerzAmbiental_Axolote-1024x1024.png 1024w, https:\/\/cartoambientalconverdad.org\/wp-content\/uploads\/2026\/02\/FuerzAmbiental_Axolote-300x300.png 300w, https:\/\/cartoambientalconverdad.org\/wp-content\/uploads\/2026\/02\/FuerzAmbiental_Axolote-150x150.png 150w, https:\/\/cartoambientalconverdad.org\/wp-content\/uploads\/2026\/02\/FuerzAmbiental_Axolote-768x768.png 768w, https:\/\/cartoambientalconverdad.org\/wp-content\/uploads\/2026\/02\/FuerzAmbiental_Axolote-1536x1536.png 1536w, https:\/\/cartoambientalconverdad.org\/wp-content\/uploads\/2026\/02\/FuerzAmbiental_Axolote-1080x1079.png 1080w, https:\/\/cartoambientalconverdad.org\/wp-content\/uploads\/2026\/02\/FuerzAmbiental_Axolote-273x273.png 273w, https:\/\/cartoambientalconverdad.org\/wp-content\/uploads\/2026\/02\/FuerzAmbiental_Axolote-600x600.png 600w, https:\/\/cartoambientalconverdad.org\/wp-content\/uploads\/2026\/02\/FuerzAmbiental_Axolote-100x100.png 100w, https:\/\/cartoambientalconverdad.org\/wp-content\/uploads\/2026\/02\/FuerzAmbiental_Axolote.png 1812w\" sizes=\"(max-width: 1024px) 100vw, 1024px\" \/><\/figure><\/div>\n\n\n\n<div style=\"height:100px\" aria-hidden=\"true\" class=\"wp-block-spacer\"><\/div>\n\n\n\n<h2 class=\"wp-block-heading has-text-align-center\">Nuestra Reflexi\u00f3n<\/h2>\n\n\n\n<p class=\"has-headings-color has-text-color has-background has-link-color wp-elements-c13f48a477bef4a8de5d9f7c731ecab7\" style=\"background-color:#def1ee\"><strong><mark style=\"background-color:rgba(0, 0, 0, 0);color:#0e0c89\" class=\"has-inline-color\">Hay posibilidad de ser percibido como precursor de modelos romantizados pero las acciones y resultados dar\u00e1n el mejor juicio en la historia y ante la vor\u00e1gine de esta nueva revoluci\u00f3n industrial, <strong><mark style=\"background-color:rgba(0, 0, 0, 0);color:#0e0c89\" class=\"has-inline-color\">la \u00fanica pr\u00e1ctica no deseable en nuestro equipo es<\/mark><\/strong> permanecer est\u00e1ticos<\/mark><\/strong><\/p>\n\n\n\n<div style=\"height:100px\" aria-hidden=\"true\" class=\"wp-block-spacer\"><\/div>\n\n\n<div class=\"wp-block-image\">\n<figure class=\"aligncenter size-large is-resized\"><img loading=\"lazy\" decoding=\"async\" width=\"622\" height=\"1024\" src=\"https:\/\/cartoambientalconverdad.org\/wp-content\/uploads\/2025\/03\/Contaminacion-del-Agua-en-Latinoamerica-Infografia-ONU-622x1024.jpeg\" alt=\"\" class=\"wp-image-376\" style=\"width:596px;height:auto\" srcset=\"https:\/\/cartoambientalconverdad.org\/wp-content\/uploads\/2025\/03\/Contaminacion-del-Agua-en-Latinoamerica-Infografia-ONU-622x1024.jpeg 622w, https:\/\/cartoambientalconverdad.org\/wp-content\/uploads\/2025\/03\/Contaminacion-del-Agua-en-Latinoamerica-Infografia-ONU-182x300.jpeg 182w, https:\/\/cartoambientalconverdad.org\/wp-content\/uploads\/2025\/03\/Contaminacion-del-Agua-en-Latinoamerica-Infografia-ONU-600x989.jpeg 600w, https:\/\/cartoambientalconverdad.org\/wp-content\/uploads\/2025\/03\/Contaminacion-del-Agua-en-Latinoamerica-Infografia-ONU.jpeg 735w\" sizes=\"(max-width: 622px) 100vw, 622px\" \/><\/figure>\n<\/div>\n\n\n<div style=\"height:100px\" aria-hidden=\"true\" class=\"wp-block-spacer\"><\/div>\n\n\n\n<figure class=\"wp-block-image size-large\"><img loading=\"lazy\" decoding=\"async\" width=\"1024\" height=\"680\" src=\"https:\/\/cartoambientalconverdad.org\/wp-content\/uploads\/2026\/02\/1-1024x680.jpg\" alt=\"\" class=\"wp-image-1049\" srcset=\"https:\/\/cartoambientalconverdad.org\/wp-content\/uploads\/2026\/02\/1-1024x680.jpg 1024w, https:\/\/cartoambientalconverdad.org\/wp-content\/uploads\/2026\/02\/1-300x199.jpg 300w, https:\/\/cartoambientalconverdad.org\/wp-content\/uploads\/2026\/02\/1-768x510.jpg 768w, https:\/\/cartoambientalconverdad.org\/wp-content\/uploads\/2026\/02\/1-1536x1020.jpg 1536w, https:\/\/cartoambientalconverdad.org\/wp-content\/uploads\/2026\/02\/1-1080x717.jpg 1080w, https:\/\/cartoambientalconverdad.org\/wp-content\/uploads\/2026\/02\/1-273x181.jpg 273w, https:\/\/cartoambientalconverdad.org\/wp-content\/uploads\/2026\/02\/1-600x399.jpg 600w, https:\/\/cartoambientalconverdad.org\/wp-content\/uploads\/2026\/02\/1.jpg 1900w\" sizes=\"(max-width: 1024px) 100vw, 1024px\" \/><figcaption class=\"wp-element-caption\">Ambystoma Mexicanus, o Axolotl Mexicano es una especie end\u00e9mica del centro del pa\u00eds que est\u00e1 en peligro de extinci\u00f3n. Ha sido objeto de estudios profundos a nivel undial por sus enormes capacidades de regeneraci\u00f3n de extremidades, tejido cardiaco y de segmentos cerebrales. <a href=\"https:\/\/cartoambientalconverdad.org\/index.php\/2026\/01\/14\/desafios-para-preservar-al-axolotl-mexicano\/\" title=\"\">Saber mas&#8230;<\/a><\/figcaption><\/figure>\n\n\n\n<div style=\"height:100px\" aria-hidden=\"true\" class=\"wp-block-spacer\"><\/div>\n\n\n<div class=\"wp-block-image is-style-default\">\n<figure class=\"aligncenter size-large is-resized\"><img loading=\"lazy\" decoding=\"async\" width=\"769\" height=\"1024\" src=\"https:\/\/cartoambientalconverdad.org\/wp-content\/uploads\/2023\/08\/Roadrunner-here-on-the-Sonoran-desert-displaying-its-beautiful-tail-feathers-769x1024.jpg\" alt=\"\" class=\"wp-image-22\" style=\"width:599px;height:auto\" srcset=\"https:\/\/cartoambientalconverdad.org\/wp-content\/uploads\/2023\/08\/Roadrunner-here-on-the-Sonoran-desert-displaying-its-beautiful-tail-feathers-769x1024.jpg 769w, https:\/\/cartoambientalconverdad.org\/wp-content\/uploads\/2023\/08\/Roadrunner-here-on-the-Sonoran-desert-displaying-its-beautiful-tail-feathers-600x799.jpg 600w, https:\/\/cartoambientalconverdad.org\/wp-content\/uploads\/2023\/08\/Roadrunner-here-on-the-Sonoran-desert-displaying-its-beautiful-tail-feathers-225x300.jpg 225w, https:\/\/cartoambientalconverdad.org\/wp-content\/uploads\/2023\/08\/Roadrunner-here-on-the-Sonoran-desert-displaying-its-beautiful-tail-feathers-768x1023.jpg 768w, https:\/\/cartoambientalconverdad.org\/wp-content\/uploads\/2023\/08\/Roadrunner-here-on-the-Sonoran-desert-displaying-its-beautiful-tail-feathers.jpg 945w\" sizes=\"(max-width: 769px) 100vw, 769px\" \/><figcaption class=\"wp-element-caption\">Roadrunner o Correcaminos, es una ave, que como muchas especies de nuestro planeta est\u00e1 en peligro de extinci\u00f3n. Qu\u00e9 esperamos para contribuir con nuestro granito de arena e iniciar campa\u00f1as de regeneraci\u00f3n participativas y articuladas para detener la extinci\u00f3n y retornar a una vida arm\u00f3nica?<\/figcaption><\/figure>\n<\/div>\n\n\n<hr class=\"wp-block-separator has-alpha-channel-opacity\"\/>\n","protected":false},"excerpt":{"rendered":"<p>Quienes somos? Un equipo multidisciplinario altamente calificado y con amplia experiencia en las Ciencias de la Tierra, Tecnolog\u00edas GIS, Medio Ambiente y Ordenamiento Socioh\u00eddrico, cuyo &hellip;<\/p>\n","protected":false},"author":1,"featured_media":349,"parent":0,"menu_order":0,"comment_status":"closed","ping_status":"closed","template":"","meta":{"give_campaign_id":0,"_et_pb_use_builder":"off","_et_pb_old_content":"<!-- wp:image {\"id\":22,\"width\":\"880px\",\"height\":\"auto\",\"sizeSlug\":\"large\",\"linkDestination\":\"none\"} -->\n<figure class=\"wp-block-image size-large is-resized\"><img src=\"https:\/\/cartoambientalconverdad.org\/wp-content\/uploads\/2023\/08\/Roadrunner-here-on-the-Sonoran-desert-displaying-its-beautiful-tail-feathers-769x1024.jpg\" alt=\"\" class=\"wp-image-22\" style=\"width:880px;height:auto\"\/><\/figure>\n<!-- \/wp:image -->","_et_gb_content_width":"","_themeisle_gutenberg_block_has_review":false,"footnotes":""},"class_list":["post-21","page","type-page","status-publish","has-post-thumbnail","hentry"],"aioseo_notices":[],"campaignId":"","_links":{"self":[{"href":"https:\/\/cartoambientalconverdad.org\/index.php\/wp-json\/wp\/v2\/pages\/21","targetHints":{"allow":["GET"]}}],"collection":[{"href":"https:\/\/cartoambientalconverdad.org\/index.php\/wp-json\/wp\/v2\/pages"}],"about":[{"href":"https:\/\/cartoambientalconverdad.org\/index.php\/wp-json\/wp\/v2\/types\/page"}],"author":[{"embeddable":true,"href":"https:\/\/cartoambientalconverdad.org\/index.php\/wp-json\/wp\/v2\/users\/1"}],"replies":[{"embeddable":true,"href":"https:\/\/cartoambientalconverdad.org\/index.php\/wp-json\/wp\/v2\/comments?post=21"}],"version-history":[{"count":63,"href":"https:\/\/cartoambientalconverdad.org\/index.php\/wp-json\/wp\/v2\/pages\/21\/revisions"}],"predecessor-version":[{"id":1221,"href":"https:\/\/cartoambientalconverdad.org\/index.php\/wp-json\/wp\/v2\/pages\/21\/revisions\/1221"}],"wp:featuredmedia":[{"embeddable":true,"href":"https:\/\/cartoambientalconverdad.org\/index.php\/wp-json\/wp\/v2\/media\/349"}],"wp:attachment":[{"href":"https:\/\/cartoambientalconverdad.org\/index.php\/wp-json\/wp\/v2\/media?parent=21"}],"curies":[{"name":"wp","href":"https:\/\/api.w.org\/{rel}","templated":true}]}}